{"id":9982,"date":"2025-02-08T19:42:54","date_gmt":"2025-02-08T19:42:54","guid":{"rendered":"https:\/\/concepcion.de\/?post_type=product&#038;p=9982"},"modified":"2025-03-19T16:48:42","modified_gmt":"2025-03-19T16:48:42","slug":"schattensaiten","status":"publish","type":"product","link":"https:\/\/concepcion.de\/index.php\/produkt\/schattensaiten\/","title":{"rendered":"Schattensaiten"},"content":{"rendered":"<p>Das umfangreiche literarische Schaffen von J\u00f6rg M. P\u00f6nnighaus (geb. 1947) liegt in bisher fast zwei Dutzend Lyrikb\u00e4nden vor; dadurch ist er bekannt geworden. Nun \u00fcberrascht der Arzt und Dichter Dr. J\u00f6rg M. P\u00f6nnighaus mit einem Band besonderer Art. Man kann die Sammlung von Erz\u00e4hlungen, die Berichten \u00e4hneln und einem immer wiederkehrenden Fragemuster folgen, als <em>literarische Operationsberichte<\/em> bezeichnen.<\/p>\n<p>Im Laufe der Zeit sammelten sich viele Gespr\u00e4chsprotokolle an, so dass zwar kein repr\u00e4sentativer, aber ein beeindruckender Querschnitt einer Generation entstand, die den Zweiten Weltkrieg miterlebte, in der Nachkriegszeit aufwuchs und in der DDR sozialisiert wurde. Aus der Vielzahl von Schicksalen entsteht ein abwechslungsreiches Mosaik des 20. und beginnenden 21. Jahrhunderts im Vogtland, ohne dass alle Betroffenen Vogtl\u00e4nder waren.<\/p>\n","protected":false},"excerpt":{"rendered":"<p>Das umfangreiche literarische Schaffen von J\u00f6rg M. P\u00f6nnighaus (geb. 1947) liegt in bisher fast zwei Dutzend Lyrikb\u00e4nden vor; dadurch ist er bekannt geworden. Nun \u00fcberrascht der Arzt und Dichter Dr. J\u00f6rg M. P\u00f6nnighaus mit einem Band besonderer Art. Man kann die Sammlung von Erz\u00e4hlungen, die Berichten \u00e4hneln und einem immer wiederkehrenden Fragemuster folgen, als literarische Operationsberichte bezeichnen. Im Laufe der Zeit sammelten sich viele Gespr\u00e4chsprotokolle an, so dass zwar kein repr\u00e4sentativer, aber ein beeindruckender Querschnitt einer Generation entstand, die den Zweiten Weltkrieg miterlebte, in der Nachkriegszeit aufwuchs und in der DDR sozialisiert wurde. Aus der Vielzahl von Schicksalen entsteht ein abwechslungsreiches Mosaik des 20. und beginnenden 21. Jahrhunderts im Vogtland, ohne dass alle Betroffenen Vogtl\u00e4nder waren.<\/p>\n","protected":false},"featured_media":6319,"template":"","meta":[],"product_brand":[],"product_cat":[42,15],"product_tag":[],"class_list":{"0":"post-9982","1":"product","2":"type-product","3":"status-publish","4":"has-post-thumbnail","6":"product_cat-allgemeines","7":"product_cat-concepcion-seidel-ohg","8":"product_shipping_class-buecher-bis-2kg","10":"first","11":"instock","12":"shipping-taxable","13":"purchasable","14":"product-type-simple"},"acf":[],"_links":{"self":[{"href":"https:\/\/concepcion.de\/index.php\/wp-json\/wp\/v2\/product\/9982","targetHints":{"allow":["GET"]}}],"collection":[{"href":"https:\/\/concepcion.de\/index.php\/wp-json\/wp\/v2\/product"}],"about":[{"href":"https:\/\/concepcion.de\/index.php\/wp-json\/wp\/v2\/types\/product"}],"wp:featuredmedia":[{"embeddable":true,"href":"https:\/\/concepcion.de\/index.php\/wp-json\/wp\/v2\/media\/6319"}],"wp:attachment":[{"href":"https:\/\/concepcion.de\/index.php\/wp-json\/wp\/v2\/media?parent=9982"}],"wp:term":[{"taxonomy":"product_brand","embeddable":true,"href":"https:\/\/concepcion.de\/index.php\/wp-json\/wp\/v2\/product_brand?post=9982"},{"taxonomy":"product_cat","embeddable":true,"href":"https:\/\/concepcion.de\/index.php\/wp-json\/wp\/v2\/product_cat?post=9982"},{"taxonomy":"product_tag","embeddable":true,"href":"https:\/\/concepcion.de\/index.php\/wp-json\/wp\/v2\/product_tag?post=9982"}],"curies":[{"name":"wp","href":"https:\/\/api.w.org\/{rel}","templated":true}]}}