{"id":9781,"date":"2025-02-08T19:41:31","date_gmt":"2025-02-08T19:41:31","guid":{"rendered":"https:\/\/concepcion.de\/?post_type=product&#038;p=9781"},"modified":"2025-03-19T16:39:56","modified_gmt":"2025-03-19T16:39:56","slug":"des-woars-frs-erschte","status":"publish","type":"product","link":"https:\/\/concepcion.de\/index.php\/produkt\/des-woars-frs-erschte\/","title":{"rendered":"Des woars frs Erschte"},"content":{"rendered":"<p><em>Eberhard Navratil:<\/em><br \/>\n&#8222;De Zeit wird siech \u00e4ndrn<br \/>\nun miet neien Gew\u00e4ndrn<br \/>\nwern noochrt aah wiedr Geschichtn entstieh,<br \/>\ndoch w\u00fcnsch iech mr aans,<br \/>\ndes w\u00e4r wirklich schie,<br \/>\nass de Mundoart blabbt ewich<br \/>\nun iehr habbt droa viel\u00ad\u00ad Fraad,<br \/>\nhalt\u00b4 is Vuegtland in Ehrn<br \/>\n&#8211; is hot e sche\u00df Klaad.&#8220;<\/p>\n","protected":false},"excerpt":{"rendered":"<p>Eberhard Navratil: &#8222;De Zeit wird siech \u00e4ndrn un miet neien Gew\u00e4ndrn wern noochrt aah wiedr Geschichtn entstieh, doch w\u00fcnsch iech mr aans, des w\u00e4r wirklich schie, ass de Mundoart blabbt ewich un iehr habbt droa viel\u00ad\u00ad Fraad, halt\u00b4 is Vuegtland in Ehrn &#8211; is hot e sche\u00df Klaad.&#8220;<\/p>\n","protected":false},"featured_media":6309,"template":"","meta":[],"product_brand":[],"product_cat":[15,24],"product_tag":[],"class_list":{"0":"post-9781","1":"product","2":"type-product","3":"status-publish","4":"has-post-thumbnail","6":"product_cat-concepcion-seidel-ohg","7":"product_cat-vogtlandverlag","8":"product_shipping_class-buecher-bis-2kg","10":"first","11":"instock","12":"shipping-taxable","13":"purchasable","14":"product-type-simple"},"acf":[],"_links":{"self":[{"href":"https:\/\/concepcion.de\/index.php\/wp-json\/wp\/v2\/product\/9781","targetHints":{"allow":["GET"]}}],"collection":[{"href":"https:\/\/concepcion.de\/index.php\/wp-json\/wp\/v2\/product"}],"about":[{"href":"https:\/\/concepcion.de\/index.php\/wp-json\/wp\/v2\/types\/product"}],"wp:featuredmedia":[{"embeddable":true,"href":"https:\/\/concepcion.de\/index.php\/wp-json\/wp\/v2\/media\/6309"}],"wp:attachment":[{"href":"https:\/\/concepcion.de\/index.php\/wp-json\/wp\/v2\/media?parent=9781"}],"wp:term":[{"taxonomy":"product_brand","embeddable":true,"href":"https:\/\/concepcion.de\/index.php\/wp-json\/wp\/v2\/product_brand?post=9781"},{"taxonomy":"product_cat","embeddable":true,"href":"https:\/\/concepcion.de\/index.php\/wp-json\/wp\/v2\/product_cat?post=9781"},{"taxonomy":"product_tag","embeddable":true,"href":"https:\/\/concepcion.de\/index.php\/wp-json\/wp\/v2\/product_tag?post=9781"}],"curies":[{"name":"wp","href":"https:\/\/api.w.org\/{rel}","templated":true}]}}