{"id":9602,"date":"2025-02-08T19:40:22","date_gmt":"2025-02-08T19:40:22","guid":{"rendered":"https:\/\/concepcion.de\/?post_type=product&#038;p=9602"},"modified":"2025-05-23T09:00:18","modified_gmt":"2025-05-23T09:00:18","slug":"weltliebe-und-die-liebe-zum-suender","status":"publish","type":"product","link":"https:\/\/concepcion.de\/index.php\/produkt\/weltliebe-und-die-liebe-zum-suender\/","title":{"rendered":"Weltliebe und die Liebe zum S\u00fcnder"},"content":{"rendered":"<p>Was ist wirklich Welt? Jeder Versuch, das Problem \u201eWelt\u201c mit einer Liste von Gegenst\u00e4nden, T\u00e4tigkeiten, Hobbys aus der Welt zu schaffen, muss scheitern. Denn wer anf\u00e4ngt, die Welt in erlaubte und unerlaubte Freuden einzuteilen, scheitert sp\u00e4testens in der n\u00e4chsten Generation. Karl-Heinz Vanheiden macht deutlich, wo die eigentliche Gefahr liegt und wie man sie \u00fcberwinden kann.<\/p>\n<p>Leben in Absonderung und Evangelisation. Andreas Ebert zeigt, dass wir N\u00e4he zu S\u00fcndern brauchen und Abstand zur S\u00fcnde. Auch f\u00fcr Jesus Christus und die Apostel war die N\u00e4he zu S\u00fcndern das Normale, ohne dass sie jemals deren S\u00fcnde bejaht oder mitgemacht h\u00e4tten. Wer heute nie mit Nichtchristen \u00fcber Glaubensfragen spricht, wird auch nicht so predigen k\u00f6nnen, dass sie es verstehen. Es darf aber keine N\u00e4he ohne missionarische Absicht geben.<\/p>\n","protected":false},"excerpt":{"rendered":"<p>Was ist wirklich Welt? Jeder Versuch, das Problem \u201eWelt\u201c mit einer Liste von Gegenst\u00e4nden, T\u00e4tigkeiten, Hobbys aus der Welt zu schaffen, muss scheitern. Denn wer anf\u00e4ngt, die Welt in erlaubte und unerlaubte Freuden einzuteilen, scheitert sp\u00e4testens in der n\u00e4chsten Generation. Karl-Heinz Vanheiden macht deutlich, wo die eigentliche Gefahr liegt und wie man sie \u00fcberwinden kann. Leben in Absonderung und Evangelisation. Andreas Ebert zeigt, dass wir N\u00e4he zu S\u00fcndern brauchen und Abstand zur S\u00fcnde. Auch f\u00fcr Jesus Christus und die Apostel war die N\u00e4he zu S\u00fcndern das Normale, ohne dass sie jemals deren S\u00fcnde bejaht oder mitgemacht h\u00e4tten. Wer heute nie mit Nichtchristen \u00fcber Glaubensfragen spricht, wird auch nicht so predigen k\u00f6nnen, dass sie es verstehen. Es darf aber keine N\u00e4he ohne missionarische Absicht geben.<\/p>\n","protected":false},"featured_media":6718,"template":"","meta":[],"product_brand":[],"product_cat":[32],"product_tag":[],"class_list":{"0":"post-9602","1":"product","2":"type-product","3":"status-publish","4":"has-post-thumbnail","6":"product_cat-grundlagen","7":"product_shipping_class-buecher-bis-2kg","9":"first","10":"instock","11":"shipping-taxable","12":"purchasable","13":"product-type-simple"},"acf":[],"_links":{"self":[{"href":"https:\/\/concepcion.de\/index.php\/wp-json\/wp\/v2\/product\/9602","targetHints":{"allow":["GET"]}}],"collection":[{"href":"https:\/\/concepcion.de\/index.php\/wp-json\/wp\/v2\/product"}],"about":[{"href":"https:\/\/concepcion.de\/index.php\/wp-json\/wp\/v2\/types\/product"}],"wp:featuredmedia":[{"embeddable":true,"href":"https:\/\/concepcion.de\/index.php\/wp-json\/wp\/v2\/media\/6718"}],"wp:attachment":[{"href":"https:\/\/concepcion.de\/index.php\/wp-json\/wp\/v2\/media?parent=9602"}],"wp:term":[{"taxonomy":"product_brand","embeddable":true,"href":"https:\/\/concepcion.de\/index.php\/wp-json\/wp\/v2\/product_brand?post=9602"},{"taxonomy":"product_cat","embeddable":true,"href":"https:\/\/concepcion.de\/index.php\/wp-json\/wp\/v2\/product_cat?post=9602"},{"taxonomy":"product_tag","embeddable":true,"href":"https:\/\/concepcion.de\/index.php\/wp-json\/wp\/v2\/product_tag?post=9602"}],"curies":[{"name":"wp","href":"https:\/\/api.w.org\/{rel}","templated":true}]}}