{"id":9557,"date":"2025-02-08T19:40:10","date_gmt":"2025-02-08T19:40:10","guid":{"rendered":"https:\/\/concepcion.de\/?post_type=product&#038;p=9557"},"modified":"2025-05-23T10:32:42","modified_gmt":"2025-05-23T10:32:42","slug":"provokativ","status":"publish","type":"product","link":"https:\/\/concepcion.de\/index.php\/produkt\/provokativ\/","title":{"rendered":"Provokativ"},"content":{"rendered":"<p>Kein anderes Land wird in den Medien so oft erw\u00e4hnt wie Israel. Fast an jedem Tag kann man Nachrichten aus diesem Teil der Welt h\u00f6ren, lesen und sehen. Dieses Buch bietet Denkanst\u00f6\u00dfe zu den Konflikten um dieses Land sowie pers\u00f6nliche Erfahrungen und Ereignisse aus den letzten Jahren. Der Autor ist wie kaum ein anderer geeignet, zu diesen Themen Stellung zu nehmen. Johannes Gerloff hat eine gr\u00fcndliche theologische Ausbildung und lebt seit vielen Jahren als Journalist und Zeitzeuge in Jerusalem. Er scheut sich nicht, provozierende Fragen zu stellen und den Leser zum Nachdenken herauszufordern. Der Konflikt um Israel ist nicht mit einigen oberfl\u00e4chlichen S\u00e4tzen zu l\u00f6sen. Dazu ist er zu vielschichtig. Dieses Buch f\u00f6rdert das Verst\u00e4ndnis des Nahen Ostens, fordert das Aushalten unterschiedlicher Meinungen und st\u00e4rkt die Bereitschaft, eigene Standpunkte zu \u00fcberpr\u00fcfen. Damit ist es eine Handreichung f\u00fcr gute Gespr\u00e4che.<\/p>\n<p><em>Manfred Schaller, Pr\u00e4sident der IVCG<\/em><\/p>\n","protected":false},"excerpt":{"rendered":"<p>Kein anderes Land wird in den Medien so oft erw\u00e4hnt wie Israel. Fast an jedem Tag kann man Nachrichten aus diesem Teil der Welt h\u00f6ren, lesen und sehen. Dieses Buch bietet Denkanst\u00f6\u00dfe zu den Konflikten um dieses Land sowie pers\u00f6nliche Erfahrungen und Ereignisse aus den letzten Jahren. Der Autor ist wie kaum ein anderer geeignet, zu diesen Themen Stellung zu nehmen. Johannes Gerloff hat eine gr\u00fcndliche theologische Ausbildung und lebt seit vielen Jahren als Journalist und Zeitzeuge in Jerusalem. Er scheut sich nicht, provozierende Fragen zu stellen und den Leser zum Nachdenken herauszufordern. Der Konflikt um Israel ist nicht mit einigen oberfl\u00e4chlichen S\u00e4tzen zu l\u00f6sen. Dazu ist er zu vielschichtig. Dieses Buch f\u00f6rdert das Verst\u00e4ndnis des Nahen Ostens, fordert das Aushalten unterschiedlicher Meinungen und st\u00e4rkt die Bereitschaft, eigene Standpunkte zu \u00fcberpr\u00fcfen. Damit ist es eine Handreichung f\u00fcr gute Gespr\u00e4che. Manfred Schaller, Pr\u00e4sident der IVCG<\/p>\n","protected":false},"featured_media":6677,"template":"","meta":[],"product_brand":[],"product_cat":[34],"product_tag":[],"class_list":{"0":"post-9557","1":"product","2":"type-product","3":"status-publish","4":"has-post-thumbnail","6":"product_cat-sonstiges","7":"product_shipping_class-buecher-bis-2kg","9":"first","10":"instock","11":"shipping-taxable","12":"purchasable","13":"product-type-simple"},"acf":[],"_links":{"self":[{"href":"https:\/\/concepcion.de\/index.php\/wp-json\/wp\/v2\/product\/9557","targetHints":{"allow":["GET"]}}],"collection":[{"href":"https:\/\/concepcion.de\/index.php\/wp-json\/wp\/v2\/product"}],"about":[{"href":"https:\/\/concepcion.de\/index.php\/wp-json\/wp\/v2\/types\/product"}],"wp:featuredmedia":[{"embeddable":true,"href":"https:\/\/concepcion.de\/index.php\/wp-json\/wp\/v2\/media\/6677"}],"wp:attachment":[{"href":"https:\/\/concepcion.de\/index.php\/wp-json\/wp\/v2\/media?parent=9557"}],"wp:term":[{"taxonomy":"product_brand","embeddable":true,"href":"https:\/\/concepcion.de\/index.php\/wp-json\/wp\/v2\/product_brand?post=9557"},{"taxonomy":"product_cat","embeddable":true,"href":"https:\/\/concepcion.de\/index.php\/wp-json\/wp\/v2\/product_cat?post=9557"},{"taxonomy":"product_tag","embeddable":true,"href":"https:\/\/concepcion.de\/index.php\/wp-json\/wp\/v2\/product_tag?post=9557"}],"curies":[{"name":"wp","href":"https:\/\/api.w.org\/{rel}","templated":true}]}}