{"id":9430,"date":"2025-02-08T19:39:24","date_gmt":"2025-02-08T19:39:24","guid":{"rendered":"https:\/\/concepcion.de\/?post_type=product&#038;p=9430"},"modified":"2025-03-20T12:28:41","modified_gmt":"2025-03-20T12:28:41","slug":"und-wo-gehst-du-hin","status":"publish","type":"product","link":"https:\/\/concepcion.de\/index.php\/produkt\/und-wo-gehst-du-hin\/","title":{"rendered":"&#8230; und wo gehst DU hin?"},"content":{"rendered":"<p>Geschrieben f\u00fcr Familien, die sich auf einen l\u00e4ngeren Aufenthalt im Ausland vorbereiten.<br \/>\nIm Mittelpunkt steht dabei das einzelne Kind. Alleine oder mit den Eltern zusammen kann es in diesem Heft Fragen beantworten, Aufgaben bearbeiten, Bilder ausmalen und vieles andere und wird zu eigenen Aktivit\u00e4ten angeregt. So erh\u00e4lt es die M\u00f6glichkeit, auf spielerische Weise und doch bewusst, von seiner vertrauten Umgebung Abschied zu nehmen und sich auf das Leben in der neuen Heimat und auf die andere Kultur einzustellen.<br \/>\nDas Heft bietet auch Anregungen f\u00fcr die ganze Familie, die Gef\u00fchle wahrzunehmen, die mit einem solchen Lebenseinschnitt verbunden sind, und dar\u00fcber gemeinsam ins Gespr\u00e4ch zu kommen.<\/p>\n","protected":false},"excerpt":{"rendered":"<p>Geschrieben f\u00fcr Familien, die sich auf einen l\u00e4ngeren Aufenthalt im Ausland vorbereiten. Im Mittelpunkt steht dabei das einzelne Kind. Alleine oder mit den Eltern zusammen kann es in diesem Heft Fragen beantworten, Aufgaben bearbeiten, Bilder ausmalen und vieles andere und wird zu eigenen Aktivit\u00e4ten angeregt. So erh\u00e4lt es die M\u00f6glichkeit, auf spielerische Weise und doch bewusst, von seiner vertrauten Umgebung Abschied zu nehmen und sich auf das Leben in der neuen Heimat und auf die andere Kultur einzustellen. Das Heft bietet auch Anregungen f\u00fcr die ganze Familie, die Gef\u00fchle wahrzunehmen, die mit einem solchen Lebenseinschnitt verbunden sind, und dar\u00fcber gemeinsam ins Gespr\u00e4ch zu kommen.<\/p>\n","protected":false},"featured_media":6554,"template":"","meta":[],"product_brand":[],"product_cat":[42,15],"product_tag":[],"class_list":{"0":"post-9430","1":"product","2":"type-product","3":"status-publish","4":"has-post-thumbnail","6":"product_cat-allgemeines","7":"product_cat-concepcion-seidel-ohg","8":"product_shipping_class-buecher-bis-2kg","10":"first","11":"instock","12":"shipping-taxable","13":"purchasable","14":"product-type-simple"},"acf":[],"_links":{"self":[{"href":"https:\/\/concepcion.de\/index.php\/wp-json\/wp\/v2\/product\/9430","targetHints":{"allow":["GET"]}}],"collection":[{"href":"https:\/\/concepcion.de\/index.php\/wp-json\/wp\/v2\/product"}],"about":[{"href":"https:\/\/concepcion.de\/index.php\/wp-json\/wp\/v2\/types\/product"}],"wp:featuredmedia":[{"embeddable":true,"href":"https:\/\/concepcion.de\/index.php\/wp-json\/wp\/v2\/media\/6554"}],"wp:attachment":[{"href":"https:\/\/concepcion.de\/index.php\/wp-json\/wp\/v2\/media?parent=9430"}],"wp:term":[{"taxonomy":"product_brand","embeddable":true,"href":"https:\/\/concepcion.de\/index.php\/wp-json\/wp\/v2\/product_brand?post=9430"},{"taxonomy":"product_cat","embeddable":true,"href":"https:\/\/concepcion.de\/index.php\/wp-json\/wp\/v2\/product_cat?post=9430"},{"taxonomy":"product_tag","embeddable":true,"href":"https:\/\/concepcion.de\/index.php\/wp-json\/wp\/v2\/product_tag?post=9430"}],"curies":[{"name":"wp","href":"https:\/\/api.w.org\/{rel}","templated":true}]}}