{"id":9425,"date":"2025-02-08T19:39:13","date_gmt":"2025-02-08T19:39:13","guid":{"rendered":"https:\/\/concepcion.de\/?post_type=product&#038;p=9425"},"modified":"2025-03-20T13:19:53","modified_gmt":"2025-03-20T13:19:53","slug":"aus-dem-kurlandkessel-in-die-russische-gefangenschaft","status":"publish","type":"product","link":"https:\/\/concepcion.de\/index.php\/produkt\/aus-dem-kurlandkessel-in-die-russische-gefangenschaft\/","title":{"rendered":"Aus dem Kurlandkessel in die russische Gefangenschaft"},"content":{"rendered":"<p>Heinz Schmidt: &#8222;Erlebtes direkt der Familie und Freunden zu erz\u00e4hlen, ist mir stets ein inneres Bed\u00fcrfnis gewesen. Dabei spielten in meiner Erinnerung die Jahre von 1944 bis 1949 eine ganz besondere Rolle. Die eigentlich besten Jahre meiner Jugend musste ich als junger Soldat im Kurlandkrieg 1944\/45 und anschlie\u00dfend als Kriegsgefangener 1945\/49 in Russland erleben. Diese Zeit war pr\u00e4gend f\u00fcr mein weiteres Leben. Gerne habe ich die sich zuf\u00e4llig gebotene Chance genutzt, einem Verwandten und Freund ausf\u00fchrlich \u00fcber meine Erlebnisse in dieser Zeit zu berichten mit der Absicht, diese f\u00fcr die Familie und sp\u00e4tere Generationen aufzuschreiben. So ist dieses B\u00fcchlein entstanden.&#8220;<\/p>\n","protected":false},"excerpt":{"rendered":"<p>Heinz Schmidt: &#8222;Erlebtes direkt der Familie und Freunden zu erz\u00e4hlen, ist mir stets ein inneres Bed\u00fcrfnis gewesen. Dabei spielten in meiner Erinnerung die Jahre von 1944 bis 1949 eine ganz besondere Rolle. Die eigentlich besten Jahre meiner Jugend musste ich als junger Soldat im Kurlandkrieg 1944\/45 und anschlie\u00dfend als Kriegsgefangener 1945\/49 in Russland erleben. Diese Zeit war pr\u00e4gend f\u00fcr mein weiteres Leben. Gerne habe ich die sich zuf\u00e4llig gebotene Chance genutzt, einem Verwandten und Freund ausf\u00fchrlich \u00fcber meine Erlebnisse in dieser Zeit zu berichten mit der Absicht, diese f\u00fcr die Familie und sp\u00e4tere Generationen aufzuschreiben. So ist dieses B\u00fcchlein entstanden.&#8220;<\/p>\n","protected":false},"featured_media":6550,"template":"","meta":[],"product_brand":[],"product_cat":[15,25],"product_tag":[],"class_list":{"0":"post-9425","1":"product","2":"type-product","3":"status-publish","4":"has-post-thumbnail","6":"product_cat-concepcion-seidel-ohg","7":"product_cat-individuelles-geschichte-und-gegenwart","8":"product_shipping_class-buecher-bis-2kg","10":"first","11":"instock","12":"shipping-taxable","13":"purchasable","14":"product-type-simple"},"acf":[],"_links":{"self":[{"href":"https:\/\/concepcion.de\/index.php\/wp-json\/wp\/v2\/product\/9425","targetHints":{"allow":["GET"]}}],"collection":[{"href":"https:\/\/concepcion.de\/index.php\/wp-json\/wp\/v2\/product"}],"about":[{"href":"https:\/\/concepcion.de\/index.php\/wp-json\/wp\/v2\/types\/product"}],"wp:featuredmedia":[{"embeddable":true,"href":"https:\/\/concepcion.de\/index.php\/wp-json\/wp\/v2\/media\/6550"}],"wp:attachment":[{"href":"https:\/\/concepcion.de\/index.php\/wp-json\/wp\/v2\/media?parent=9425"}],"wp:term":[{"taxonomy":"product_brand","embeddable":true,"href":"https:\/\/concepcion.de\/index.php\/wp-json\/wp\/v2\/product_brand?post=9425"},{"taxonomy":"product_cat","embeddable":true,"href":"https:\/\/concepcion.de\/index.php\/wp-json\/wp\/v2\/product_cat?post=9425"},{"taxonomy":"product_tag","embeddable":true,"href":"https:\/\/concepcion.de\/index.php\/wp-json\/wp\/v2\/product_tag?post=9425"}],"curies":[{"name":"wp","href":"https:\/\/api.w.org\/{rel}","templated":true}]}}