{"id":9376,"date":"2025-02-08T19:39:01","date_gmt":"2025-02-08T19:39:01","guid":{"rendered":"https:\/\/concepcion.de\/?post_type=product&#038;p=9376"},"modified":"2025-03-24T14:00:23","modified_gmt":"2025-03-24T14:00:23","slug":"reminiszenzen","status":"publish","type":"product","link":"https:\/\/concepcion.de\/index.php\/produkt\/reminiszenzen\/","title":{"rendered":"Reminiszenzen"},"content":{"rendered":"<p>Joachim Hennig, geboren 1930 in Leipzig, Schulbildung, Maschinenschlosserlehre, Ingenierstudium, 43 Jahre t\u00e4tig im Fahrzeugbau.<br \/>\nDie vorliegenden Schilderungen sind authentische Erlebnisberichte. Sie betreffen das Milieu der Kindheit auf einer Insel in der Gro\u00dfstadt, umgeben von Mietskasernen, sie beziehen sich auf Menschen und Verh\u00e4ltnisse in verschiedenen Lebensphasen in der Kriegs- und Nachkriegsentwicklung.<br \/>\nDie miterlebten vierzig Jahre DDR-Geschichte pr\u00e4gten die gesellschaftspolitische und wirtschaftliche Situation in diesem Teil Deutschlands f\u00fcr die Mehrheit der Bev\u00f6lkerung und das Individuum.<br \/>\nDie staatlich gewollte atheistische Ausrichtung konnte jedoch Maximen christlicher Haltung nicht ausl\u00f6schen.<br \/>\nReflexionen von Erlebtem &#8211; Allt\u00e4gliches, Tragisches, Erbauliches, Heiteres, Skuriles &#8211; m\u00f6chten zu positiven Schlu\u00dffolgerungen f\u00fchren.<\/p>\n","protected":false},"excerpt":{"rendered":"<p>Joachim Hennig, geboren 1930 in Leipzig, Schulbildung, Maschinenschlosserlehre, Ingenierstudium, 43 Jahre t\u00e4tig im Fahrzeugbau. Die vorliegenden Schilderungen sind authentische Erlebnisberichte. Sie betreffen das Milieu der Kindheit auf einer Insel in der Gro\u00dfstadt, umgeben von Mietskasernen, sie beziehen sich auf Menschen und Verh\u00e4ltnisse in verschiedenen Lebensphasen in der Kriegs- und Nachkriegsentwicklung. Die miterlebten vierzig Jahre DDR-Geschichte pr\u00e4gten die gesellschaftspolitische und wirtschaftliche Situation in diesem Teil Deutschlands f\u00fcr die Mehrheit der Bev\u00f6lkerung und das Individuum. Die staatlich gewollte atheistische Ausrichtung konnte jedoch Maximen christlicher Haltung nicht ausl\u00f6schen. Reflexionen von Erlebtem &#8211; Allt\u00e4gliches, Tragisches, Erbauliches, Heiteres, Skuriles &#8211; m\u00f6chten zu positiven Schlu\u00dffolgerungen f\u00fchren.<\/p>\n","protected":false},"featured_media":6506,"template":"","meta":[],"product_brand":[],"product_cat":[15,25],"product_tag":[],"class_list":{"0":"post-9376","1":"product","2":"type-product","3":"status-publish","4":"has-post-thumbnail","6":"product_cat-concepcion-seidel-ohg","7":"product_cat-individuelles-geschichte-und-gegenwart","8":"product_shipping_class-buecher-bis-2kg","10":"first","11":"instock","12":"shipping-taxable","13":"purchasable","14":"product-type-simple"},"acf":[],"_links":{"self":[{"href":"https:\/\/concepcion.de\/index.php\/wp-json\/wp\/v2\/product\/9376","targetHints":{"allow":["GET"]}}],"collection":[{"href":"https:\/\/concepcion.de\/index.php\/wp-json\/wp\/v2\/product"}],"about":[{"href":"https:\/\/concepcion.de\/index.php\/wp-json\/wp\/v2\/types\/product"}],"wp:featuredmedia":[{"embeddable":true,"href":"https:\/\/concepcion.de\/index.php\/wp-json\/wp\/v2\/media\/6506"}],"wp:attachment":[{"href":"https:\/\/concepcion.de\/index.php\/wp-json\/wp\/v2\/media?parent=9376"}],"wp:term":[{"taxonomy":"product_brand","embeddable":true,"href":"https:\/\/concepcion.de\/index.php\/wp-json\/wp\/v2\/product_brand?post=9376"},{"taxonomy":"product_cat","embeddable":true,"href":"https:\/\/concepcion.de\/index.php\/wp-json\/wp\/v2\/product_cat?post=9376"},{"taxonomy":"product_tag","embeddable":true,"href":"https:\/\/concepcion.de\/index.php\/wp-json\/wp\/v2\/product_tag?post=9376"}],"curies":[{"name":"wp","href":"https:\/\/api.w.org\/{rel}","templated":true}]}}