{"id":9287,"date":"2025-02-08T19:38:29","date_gmt":"2025-02-08T19:38:29","guid":{"rendered":"https:\/\/concepcion.de\/?post_type=product&#038;p=9287"},"modified":"2025-03-24T15:18:08","modified_gmt":"2025-03-24T15:18:08","slug":"die-burgsteinwirte-und-ihre-gaeste","status":"publish","type":"product","link":"https:\/\/concepcion.de\/index.php\/produkt\/die-burgsteinwirte-und-ihre-gaeste\/","title":{"rendered":"Die Burgsteinwirte und ihre G\u00e4ste"},"content":{"rendered":"<p>Eine interessante und lustige Geschichte der ehemaligen Burgsteinklause von ihren Anf\u00e4ngen um 1875 bis zu ihrem Ende als Gasthaus 1952. Neben bekannten vogtl\u00e4ndischen K\u00fcnstlern, die gern auf dem Burgstein verkehrten wie Hermann Vogel, Albin Enders, Albin Schlehahn, Kurt Arnold Findeisen gab es auch bemerkenswerte Wirte und eine nicht enden wollende Reihe von Schnurren und lustigen Begebenheiten. Zu sehen sind im Buch Arbeiten bekannter Maler, die direkt in die Burgstein-G\u00e4steb\u00fccher gemalt und gezeichnet wurden und sonst nirgends ver\u00f6ffentlicht wurden.<\/p>\n","protected":false},"excerpt":{"rendered":"<p>Eine interessante und lustige Geschichte der ehemaligen Burgsteinklause von ihren Anf\u00e4ngen um 1875 bis zu ihrem Ende als Gasthaus 1952. Neben bekannten vogtl\u00e4ndischen K\u00fcnstlern, die gern auf dem Burgstein verkehrten wie Hermann Vogel, Albin Enders, Albin Schlehahn, Kurt Arnold Findeisen gab es auch bemerkenswerte Wirte und eine nicht enden wollende Reihe von Schnurren und lustigen Begebenheiten. Zu sehen sind im Buch Arbeiten bekannter Maler, die direkt in die Burgstein-G\u00e4steb\u00fccher gemalt und gezeichnet wurden und sonst nirgends ver\u00f6ffentlicht wurden.<\/p>\n","protected":false},"featured_media":6427,"template":"","meta":[],"product_brand":[],"product_cat":[15,24],"product_tag":[],"class_list":{"0":"post-9287","1":"product","2":"type-product","3":"status-publish","4":"has-post-thumbnail","6":"product_cat-concepcion-seidel-ohg","7":"product_cat-vogtlandverlag","8":"product_shipping_class-buecher-bis-2kg","10":"first","11":"instock","12":"shipping-taxable","13":"purchasable","14":"product-type-simple"},"acf":[],"_links":{"self":[{"href":"https:\/\/concepcion.de\/index.php\/wp-json\/wp\/v2\/product\/9287","targetHints":{"allow":["GET"]}}],"collection":[{"href":"https:\/\/concepcion.de\/index.php\/wp-json\/wp\/v2\/product"}],"about":[{"href":"https:\/\/concepcion.de\/index.php\/wp-json\/wp\/v2\/types\/product"}],"wp:featuredmedia":[{"embeddable":true,"href":"https:\/\/concepcion.de\/index.php\/wp-json\/wp\/v2\/media\/6427"}],"wp:attachment":[{"href":"https:\/\/concepcion.de\/index.php\/wp-json\/wp\/v2\/media?parent=9287"}],"wp:term":[{"taxonomy":"product_brand","embeddable":true,"href":"https:\/\/concepcion.de\/index.php\/wp-json\/wp\/v2\/product_brand?post=9287"},{"taxonomy":"product_cat","embeddable":true,"href":"https:\/\/concepcion.de\/index.php\/wp-json\/wp\/v2\/product_cat?post=9287"},{"taxonomy":"product_tag","embeddable":true,"href":"https:\/\/concepcion.de\/index.php\/wp-json\/wp\/v2\/product_tag?post=9287"}],"curies":[{"name":"wp","href":"https:\/\/api.w.org\/{rel}","templated":true}]}}