{"id":9283,"date":"2025-02-08T19:38:29","date_gmt":"2025-02-08T19:38:29","guid":{"rendered":"https:\/\/concepcion.de\/?post_type=product&#038;p=9283"},"modified":"2025-03-24T15:15:12","modified_gmt":"2025-03-24T15:15:12","slug":"abschied-vom-vogtland","status":"publish","type":"product","link":"https:\/\/concepcion.de\/index.php\/produkt\/abschied-vom-vogtland\/","title":{"rendered":"Abschied vom Vogtland"},"content":{"rendered":"<p>Lehr- und Wanderjahre im geteilten Land 1946-1958 Nach \u201eLicht und Schatten des Vergangenen \u2014 Eine Kindheit und Jugend in Plauen (1930-1946)\u201c liegt mit dem vorliegenden Buch eine Fortsetzung der Lebensgeschichte Otto Erichs vor. Die erste H\u00e4lfte spielt im Vogtland und erz\u00e4hlt, was er Lehrern und anderen Menschen zu verdanken hat, wie die Berufsaussichten nach dem Schulabschluss f\u00fcr ihn tr\u00fcb sind, wie seine Hoffnung in Westberlin entt\u00e4uscht wird und warum er Ende 1950 seine Heimat verl\u00e4sst. Die zweite H\u00e4lfte zeigt das Leben im Westen und als Medizinstudent in Hamburg, T\u00fcbingen und Heidelberg. Lebendig schildert dieses Buch die Eskalation des Kalten Krieges, Liebe, Leid und den Weg zu einer menschlichen Medizin, der den jungen Arzt nach Kiel, f\u00fchrt.<\/p>\n","protected":false},"excerpt":{"rendered":"<p>Lehr- und Wanderjahre im geteilten Land 1946-1958 Nach \u201eLicht und Schatten des Vergangenen \u2014 Eine Kindheit und Jugend in Plauen (1930-1946)\u201c liegt mit dem vorliegenden Buch eine Fortsetzung der Lebensgeschichte Otto Erichs vor. Die erste H\u00e4lfte spielt im Vogtland und erz\u00e4hlt, was er Lehrern und anderen Menschen zu verdanken hat, wie die Berufsaussichten nach dem Schulabschluss f\u00fcr ihn tr\u00fcb sind, wie seine Hoffnung in Westberlin entt\u00e4uscht wird und warum er Ende 1950 seine Heimat verl\u00e4sst. Die zweite H\u00e4lfte zeigt das Leben im Westen und als Medizinstudent in Hamburg, T\u00fcbingen und Heidelberg. Lebendig schildert dieses Buch die Eskalation des Kalten Krieges, Liebe, Leid und den Weg zu einer menschlichen Medizin, der den jungen Arzt nach Kiel, f\u00fchrt.<\/p>\n","protected":false},"featured_media":6424,"template":"","meta":[],"product_brand":[],"product_cat":[15,24],"product_tag":[],"class_list":{"0":"post-9283","1":"product","2":"type-product","3":"status-publish","4":"has-post-thumbnail","6":"product_cat-concepcion-seidel-ohg","7":"product_cat-vogtlandverlag","8":"product_shipping_class-buecher-bis-2kg","10":"first","11":"instock","12":"shipping-taxable","13":"purchasable","14":"product-type-simple"},"acf":[],"_links":{"self":[{"href":"https:\/\/concepcion.de\/index.php\/wp-json\/wp\/v2\/product\/9283","targetHints":{"allow":["GET"]}}],"collection":[{"href":"https:\/\/concepcion.de\/index.php\/wp-json\/wp\/v2\/product"}],"about":[{"href":"https:\/\/concepcion.de\/index.php\/wp-json\/wp\/v2\/types\/product"}],"wp:featuredmedia":[{"embeddable":true,"href":"https:\/\/concepcion.de\/index.php\/wp-json\/wp\/v2\/media\/6424"}],"wp:attachment":[{"href":"https:\/\/concepcion.de\/index.php\/wp-json\/wp\/v2\/media?parent=9283"}],"wp:term":[{"taxonomy":"product_brand","embeddable":true,"href":"https:\/\/concepcion.de\/index.php\/wp-json\/wp\/v2\/product_brand?post=9283"},{"taxonomy":"product_cat","embeddable":true,"href":"https:\/\/concepcion.de\/index.php\/wp-json\/wp\/v2\/product_cat?post=9283"},{"taxonomy":"product_tag","embeddable":true,"href":"https:\/\/concepcion.de\/index.php\/wp-json\/wp\/v2\/product_tag?post=9283"}],"curies":[{"name":"wp","href":"https:\/\/api.w.org\/{rel}","templated":true}]}}