{"id":9093,"date":"2025-02-08T19:37:13","date_gmt":"2025-02-08T19:37:13","guid":{"rendered":"https:\/\/concepcion.de\/?post_type=product&#038;p=9093"},"modified":"2025-03-24T17:01:05","modified_gmt":"2025-03-24T17:01:05","slug":"himmel-und-hoelle","status":"publish","type":"product","link":"https:\/\/concepcion.de\/index.php\/produkt\/himmel-und-hoelle\/","title":{"rendered":"Himmel und H\u00f6lle"},"content":{"rendered":"<p><strong>Himmel und H\u00f6lle<\/strong><br \/>\nIst dieses Thema nicht schon l\u00e4ngst pass\u00e9? Scheinbar nicht, sonst w\u00fcrden Sie dieses Buch nicht in Ihren H\u00e4nden halten und die Beschreibung lesen. Viel Unfug wurde mit diesem Thema getrieben, ohne Frage.<br \/>\nAber was ist, wenn es tats\u00e4chlich so etwas wie Himmel und H\u00f6lle gibt? Sollten wir uns dann nicht die M\u00fche machen und uns \u00fcberlegen, wo wir allenfalls unsere Ewigkeit verbringen? Die Ewigkeit ist brutal lang! Als Quelle meiner Erkenntnis dient mir die Bibel! Was sagt sie zu Himmel und H\u00f6lle, was nicht? Was entstammt nur aus Wunschdenken, Nahtoderfahrungen oder Traditionen? Die Bibel stellt an sich selbst den Anspruch, Gottes Wort zu sein. Wenn dem so ist, wer k\u00f6nnte uns besser \u00fcber Himmel und H\u00f6lle Auskunft geben, als Gott Vater und sein Sohn Jesus Christus, der aus dem Himmel zu uns auf die Erde kam und auch die H\u00f6lle im wahrsten Sinn des Wortes erlebt hat. Was Sie schon immer \u00fcber Himmel und H\u00f6lle wissen sollten.<\/p>\n<p><em>Stefan Kym<br \/>\nMit 16 Jahren fand er durch eine Sinnkrise zu einer pers\u00f6nlichen Beziehung mit Jesus Christus. Er arbeitete 9 Jahre als Polymechaniker, bevor Gott ihn in eine theologische Ausbildung rief. Seither ist er Pfarrer in der FEG Schweiz und Autor mehrerer B\u00fccher; z.B. \u00abMit Gott reden\u00bb oder \u00abGottes Liebe erfahren und weiterschenken\u00bb. Er ist verheiratet und hat zwei erwachsene S\u00f6hne.<\/em><\/p>\n","protected":false},"excerpt":{"rendered":"<p>Himmel und H\u00f6lle Ist dieses Thema nicht schon l\u00e4ngst pass\u00e9? Scheinbar nicht, sonst w\u00fcrden Sie dieses Buch nicht in Ihren H\u00e4nden halten und die Beschreibung lesen. Viel Unfug wurde mit diesem Thema getrieben, ohne Frage. Aber was ist, wenn es tats\u00e4chlich so etwas wie Himmel und H\u00f6lle gibt? Sollten wir uns dann nicht die M\u00fche machen und uns \u00fcberlegen, wo wir allenfalls unsere Ewigkeit verbringen? Die Ewigkeit ist brutal lang! Als Quelle meiner Erkenntnis dient mir die Bibel! Was sagt sie zu Himmel und H\u00f6lle, was nicht? Was entstammt nur aus Wunschdenken, Nahtoderfahrungen oder Traditionen? Die Bibel stellt an sich selbst den Anspruch, Gottes Wort zu sein. Wenn dem so ist, wer k\u00f6nnte uns besser \u00fcber Himmel und H\u00f6lle Auskunft geben, als Gott Vater und sein Sohn Jesus Christus, der aus dem Himmel zu uns auf die Erde kam und auch die H\u00f6lle im wahrsten Sinn des Wortes erlebt hat. Was Sie schon immer \u00fcber Himmel und H\u00f6lle wissen sollten. Stefan Kym Mit 16 Jahren fand er durch eine Sinnkrise zu einer pers\u00f6nlichen Beziehung mit Jesus Christus. Er arbeitete 9 Jahre als Polymechaniker, bevor Gott ihn in eine theologische Ausbildung rief. Seither ist er Pfarrer in der FEG Schweiz und Autor mehrerer B\u00fccher; z.B. \u00abMit Gott reden\u00bb oder \u00abGottes Liebe erfahren und weiterschenken\u00bb. Er ist verheiratet und hat zwei erwachsene S\u00f6hne.<\/p>\n","protected":false},"featured_media":6364,"template":"","meta":[],"product_brand":[],"product_cat":[82,15],"product_tag":[],"class_list":{"0":"post-9093","1":"product","2":"type-product","3":"status-publish","4":"has-post-thumbnail","6":"product_cat-bibel-grundsaetzliches","7":"product_cat-concepcion-seidel-ohg","8":"product_shipping_class-buecher-bis-2kg","10":"first","11":"instock","12":"shipping-taxable","13":"purchasable","14":"product-type-simple"},"acf":[],"_links":{"self":[{"href":"https:\/\/concepcion.de\/index.php\/wp-json\/wp\/v2\/product\/9093","targetHints":{"allow":["GET"]}}],"collection":[{"href":"https:\/\/concepcion.de\/index.php\/wp-json\/wp\/v2\/product"}],"about":[{"href":"https:\/\/concepcion.de\/index.php\/wp-json\/wp\/v2\/types\/product"}],"wp:featuredmedia":[{"embeddable":true,"href":"https:\/\/concepcion.de\/index.php\/wp-json\/wp\/v2\/media\/6364"}],"wp:attachment":[{"href":"https:\/\/concepcion.de\/index.php\/wp-json\/wp\/v2\/media?parent=9093"}],"wp:term":[{"taxonomy":"product_brand","embeddable":true,"href":"https:\/\/concepcion.de\/index.php\/wp-json\/wp\/v2\/product_brand?post=9093"},{"taxonomy":"product_cat","embeddable":true,"href":"https:\/\/concepcion.de\/index.php\/wp-json\/wp\/v2\/product_cat?post=9093"},{"taxonomy":"product_tag","embeddable":true,"href":"https:\/\/concepcion.de\/index.php\/wp-json\/wp\/v2\/product_tag?post=9093"}],"curies":[{"name":"wp","href":"https:\/\/api.w.org\/{rel}","templated":true}]}}