{"id":8938,"date":"2025-02-08T19:36:18","date_gmt":"2025-02-08T19:36:18","guid":{"rendered":"https:\/\/concepcion.de\/?post_type=product&#038;p=8938"},"modified":"2025-03-25T10:09:55","modified_gmt":"2025-03-25T10:09:55","slug":"suende-im-griff","status":"publish","type":"product","link":"https:\/\/concepcion.de\/index.php\/produkt\/suende-im-griff\/","title":{"rendered":"S\u00fcnde im Griff"},"content":{"rendered":"<p>Ist der Mensch der S\u00fcnde ausgeliefert? M\u00fcssen selbst Christen damit zurechtkommen, dass sie nicht so leben k\u00f6nnen, wie sie eigentlich leben m\u00f6chten? Paulus schreibt: \u201eIch tue nicht das Gute, das ich tun will, sondern das B\u00f6se, das ich nicht tun will.\u201c Was ist das f\u00fcr ein frustrierendes Leben! Das passt doch nicht zur Vorstellung eines freien Christen. Der Apostel Johannes meint hingegen: \u201eWer von Gott geboren ist, der s\u00fcndigt nicht.\u201c Das ist doch ein krasser Widerspruch zu dem, was Paulus geschrieben hat \u2013 oder? Dieses Buch zeigt, wie vielschichtig das Thema S\u00fcnde ist und dass es tats\u00e4chlich einen Weg gibt, dass nicht die S\u00fcnde einen Christen im Griff hat, sondern dass der Christ die S\u00fcnde im Griff hat. Das f\u00fchrt schlussendlich zu einem freudigen und freien Leben als Christ, das nicht st\u00e4ndig von einem schlechten Gewissen und dem Gef\u00fchl des Versagens begleitet wird.<\/p>\n<p><em>J\u00fcrg Birnstiel, Jahrgang 56, studierte an der Freien Theologischen Akademie in Gie\u00dfen (heute Freie Theologische Hochschule Gie\u00dfen) und ist seit 1993 als Pfarrer der Freien evangelischen Gemeinde Z\u00fcrich-Helvetiaplatz t\u00e4tig. Er ist verheiratet und Vater von drei erwachsenen Kindern.<\/em><\/p>\n","protected":false},"excerpt":{"rendered":"<p>Ist der Mensch der S\u00fcnde ausgeliefert? M\u00fcssen selbst Christen damit zurechtkommen, dass sie nicht so leben k\u00f6nnen, wie sie eigentlich leben m\u00f6chten? Paulus schreibt: \u201eIch tue nicht das Gute, das ich tun will, sondern das B\u00f6se, das ich nicht tun will.\u201c Was ist das f\u00fcr ein frustrierendes Leben! Das passt doch nicht zur Vorstellung eines freien Christen. Der Apostel Johannes meint hingegen: \u201eWer von Gott geboren ist, der s\u00fcndigt nicht.\u201c Das ist doch ein krasser Widerspruch zu dem, was Paulus geschrieben hat \u2013 oder? Dieses Buch zeigt, wie vielschichtig das Thema S\u00fcnde ist und dass es tats\u00e4chlich einen Weg gibt, dass nicht die S\u00fcnde einen Christen im Griff hat, sondern dass der Christ die S\u00fcnde im Griff hat. Das f\u00fchrt schlussendlich zu einem freudigen und freien Leben als Christ, das nicht st\u00e4ndig von einem schlechten Gewissen und dem Gef\u00fchl des Versagens begleitet wird. J\u00fcrg Birnstiel, Jahrgang 56, studierte an der Freien Theologischen Akademie in Gie\u00dfen (heute Freie Theologische Hochschule Gie\u00dfen) und ist seit 1993 als Pfarrer der Freien evangelischen Gemeinde Z\u00fcrich-Helvetiaplatz t\u00e4tig. Er ist verheiratet und Vater von drei erwachsenen Kindern.<\/p>\n","protected":false},"featured_media":6350,"template":"","meta":[],"product_brand":[],"product_cat":[82,15],"product_tag":[],"class_list":{"0":"post-8938","1":"product","2":"type-product","3":"status-publish","4":"has-post-thumbnail","6":"product_cat-bibel-grundsaetzliches","7":"product_cat-concepcion-seidel-ohg","8":"product_shipping_class-buecher-bis-2kg","10":"first","11":"instock","12":"shipping-taxable","13":"purchasable","14":"product-type-simple"},"acf":[],"_links":{"self":[{"href":"https:\/\/concepcion.de\/index.php\/wp-json\/wp\/v2\/product\/8938","targetHints":{"allow":["GET"]}}],"collection":[{"href":"https:\/\/concepcion.de\/index.php\/wp-json\/wp\/v2\/product"}],"about":[{"href":"https:\/\/concepcion.de\/index.php\/wp-json\/wp\/v2\/types\/product"}],"wp:featuredmedia":[{"embeddable":true,"href":"https:\/\/concepcion.de\/index.php\/wp-json\/wp\/v2\/media\/6350"}],"wp:attachment":[{"href":"https:\/\/concepcion.de\/index.php\/wp-json\/wp\/v2\/media?parent=8938"}],"wp:term":[{"taxonomy":"product_brand","embeddable":true,"href":"https:\/\/concepcion.de\/index.php\/wp-json\/wp\/v2\/product_brand?post=8938"},{"taxonomy":"product_cat","embeddable":true,"href":"https:\/\/concepcion.de\/index.php\/wp-json\/wp\/v2\/product_cat?post=8938"},{"taxonomy":"product_tag","embeddable":true,"href":"https:\/\/concepcion.de\/index.php\/wp-json\/wp\/v2\/product_tag?post=8938"}],"curies":[{"name":"wp","href":"https:\/\/api.w.org\/{rel}","templated":true}]}}